{"id":23,"date":"2025-01-09T11:59:20","date_gmt":"2025-01-09T11:59:20","guid":{"rendered":"https:\/\/resources.illc.uva.nl\/Commission-on-Logic-Education\/?page_id=23"},"modified":"2025-11-04T10:09:00","modified_gmt":"2025-11-04T10:09:00","slug":"news-events","status":"publish","type":"page","link":"https:\/\/resources.illc.uva.nl\/Commission-on-Logic-Education\/news-events\/","title":{"rendered":"News &amp; Events"},"content":{"rendered":"\n<h3 class=\"wp-block-heading\"><strong>Upcoming Events<\/strong><\/h3>\n\n\n\n<details class=\"wp-block-details is-layout-flow wp-block-details-is-layout-flow\" open><summary>[External | Recommended by CLE] Fall 2025\/26 Course, University of Bremen: <strong>Argumentation, Proof and Proving<\/strong><\/summary>\n<h2 class=\"wp-block-heading\">Course D5-1: Argumentation, Proof, and Proving<\/h2>\n\n\n\n<h4 class=\"wp-block-heading has-text-align-right\"><span style=\"text-decoration: underline;\">Instructors<\/span>: Dr. Knipping &amp; Dr. Papadaki,<\/h4>\n\n\n\n<h4 class=\"wp-block-heading has-text-align-right\">University of Bremen<\/h4>\n\n\n\n<p class=\"has-text-align-right\" style=\"padding-right:0;padding-left:0\"><span style=\"text-decoration: underline;\">Course Period<\/span>: 07\/11\/2025 &#8211; 06\/02\/2026<\/p>\n\n\n\n<p class=\"has-text-align-right\"><span style=\"text-decoration: underline;\">Start Date<\/span>: 7th November 2025 8:00-10:00 CET <\/p>\n\n\n\n<p class=\"has-text-align-right\"><span style=\"text-decoration: underline;\">Zoom ID<\/span> for all meetings: 616 4799 4734<\/p>\n\n\n\n<p><span style=\"text-decoration: underline;\">Course Information:<\/span><br>Mathematical proof is often equated with formal proof, where statements are considered true when they are deductively derived and formally represented within a mathematical theory. Proofs in this formal sense are widely recognized as difficult and challenging to understand. However, such proofs are rarely found in school mathematics, as the school curriculum is not structured as an axiomatic system. This creates a divide between different realms of mathematics: academic mathematics at the university level, where formal proof is central, versus school mathematics and applied mathematics, where proof struggles to find a meaningful place. This phenomenon reflects<br>what Felix Klein (1932) described as a <strong>discontinuity in mathematics education<\/strong>\u2014the conceptual and structural gap between school and university mathematics, which makes the transition between these levels challenging both for learners and teachers.<\/p>\n\n\n\n<p><br>From the perspective of learning and understanding mathematics, this discontinuity highlights the limitations of a solely formal view of mathematical proof, rendering it problematic. Mathematical knowledge is more than an accumulation of facts and procedures; it is an active understanding of properties and concepts that humans create and use. To bridge the gap that Klein identified, we<br>need to provide students with opportunities to experience this kind of knowledge and familiarize themselves with a conception of proof that emphasizes the practice of proving and reasoning \u2013<br>that is, the processes of developing mathematical arguments and proofs. Such an approach highlights the social dimension of proof, which includes the negotiation and acceptance of proofs<br>within a community, both in the classroom and in the broader mathematical community. Argumentation, understood as providing reasons for mathematical statements, plays a crucial role in this perspective.<\/p>\n\n\n\n<p><br>In this course, significant publications and scholarly work in the area of argumentation, proving, and reasoning in mathematics education are studied and discussed. The concept of mathematical proof is examined from an educational perspective, broadening its traditional meaning. A more process-oriented and socially situated understanding of proof is emphasized, one that considers diverse social and cultural contexts of education \u2013 from primary to high school, and from academic programs to engineering programs at the tertiary level. Furthermore, different theoretical frameworks and approaches are explored to capture a nuanced and complex picture of what mathematical proof actually is and can be.<\/p>\n\n\n\n<p><br>Active and extensive reading is expected in this course. A discussion format taking place every two weeks will support the study of a broad range of publications. For students who require credit points for their Master&#8217;s or PhD program, the design of a learning environment is required. This environment should foster proof and proving in a specific educational context and be grounded in the studied literature.<\/p>\n\n\n\n<p><br>For colleagues who are interested in discussing matters of proof and proving in teaching and education more generally, this course serves as an open forum to interact with Master&#8217;s and PhD students, as well as interested scholars and colleagues.<\/p>\n\n\n\n<p><br>Reference<br>Klein, F. (1932). <em>Elementary mathematics from a higher standpoint: Arithmetic, algebra, analysis<\/em> (E. R. Hedrick &amp; C. A. Noble, Trans.). Dover Publications. (Original work published<br>1908)<\/p>\n\n\n\n<p><span style=\"text-decoration: underline;\">Course Schedule:<\/span><\/p>\n\n\n\n<figure class=\"wp-block-image size-full\"><img loading=\"lazy\" decoding=\"async\" width=\"958\" height=\"820\" src=\"https:\/\/resources.illc.uva.nl\/Commission-on-Logic-Education\/wp-content\/uploads\/2025\/11\/image.png\" alt=\"\" class=\"wp-image-198\" srcset=\"https:\/\/resources.illc.uva.nl\/Commission-on-Logic-Education\/wp-content\/uploads\/2025\/11\/image.png 958w, https:\/\/resources.illc.uva.nl\/Commission-on-Logic-Education\/wp-content\/uploads\/2025\/11\/image-300x257.png 300w, https:\/\/resources.illc.uva.nl\/Commission-on-Logic-Education\/wp-content\/uploads\/2025\/11\/image-768x657.png 768w\" sizes=\"auto, (max-width: 958px) 100vw, 958px\" \/><\/figure>\n\n\n\n<hr class=\"wp-block-separator has-alpha-channel-opacity\"\/>\n\n\n\n<div style=\"height:30px\" aria-hidden=\"true\" class=\"wp-block-spacer\"><\/div>\n<\/details>\n\n\n\n<p class=\"has-text-align-center\"><\/p>\n\n\n\n<div style=\"height:27px\" aria-hidden=\"true\" class=\"wp-block-spacer\"><\/div>\n\n\n\n<p>Watch <a href=\"#past-events\">past events<\/a> in the<strong> Commission&#8217;s YouTube Channel <\/strong><a href=\"https:\/\/www.youtube.com\/@LogicEducationCommission\">https:\/\/www.youtube.com\/@LogicEducationCommission<\/a><\/p>\n\n\n\n<figure class=\"wp-block-image size-large\"><img loading=\"lazy\" decoding=\"async\" width=\"1024\" height=\"626\" src=\"https:\/\/resources.illc.uva.nl\/Commission-on-Logic-Education\/wp-content\/uploads\/2025\/08\/Captura-de-Pantalla-2025-08-12-a-las-13.48.24-1024x626.png\" alt=\"\" class=\"wp-image-183\" srcset=\"https:\/\/resources.illc.uva.nl\/Commission-on-Logic-Education\/wp-content\/uploads\/2025\/08\/Captura-de-Pantalla-2025-08-12-a-las-13.48.24-1024x626.png 1024w, https:\/\/resources.illc.uva.nl\/Commission-on-Logic-Education\/wp-content\/uploads\/2025\/08\/Captura-de-Pantalla-2025-08-12-a-las-13.48.24-300x183.png 300w, https:\/\/resources.illc.uva.nl\/Commission-on-Logic-Education\/wp-content\/uploads\/2025\/08\/Captura-de-Pantalla-2025-08-12-a-las-13.48.24-768x469.png 768w, https:\/\/resources.illc.uva.nl\/Commission-on-Logic-Education\/wp-content\/uploads\/2025\/08\/Captura-de-Pantalla-2025-08-12-a-las-13.48.24-1536x939.png 1536w, https:\/\/resources.illc.uva.nl\/Commission-on-Logic-Education\/wp-content\/uploads\/2025\/08\/Captura-de-Pantalla-2025-08-12-a-las-13.48.24-2048x1252.png 2048w\" sizes=\"auto, (max-width: 1024px) 100vw, 1024px\" \/><\/figure>\n\n\n\n<div style=\"height:36px\" aria-hidden=\"true\" class=\"wp-block-spacer\"><\/div>\n\n\n\n<div class=\"wp-block-group alignfull has-base-2-background-color has-background has-global-padding is-layout-constrained wp-container-core-group-is-layout-669513ed wp-block-group-is-layout-constrained\" style=\"margin-top:0;margin-bottom:0;padding-top:var(--wp--preset--spacing--50);padding-right:var(--wp--preset--spacing--50);padding-bottom:var(--wp--preset--spacing--50);padding-left:var(--wp--preset--spacing--50)\">\n<h4 class=\"wp-block-heading\"><strong>Subscribe to the Logic Education mailing list!<\/strong><\/h4>\n\n\n\n<p>By following this link: <a href=\"https:\/\/list.uva.nl\/postorius\/lists\/logic-and-education.list.uva.nl\">https:\/\/list.uva.nl\/postorius\/lists\/logic-and-education.list.uva.nl<\/a><\/p>\n\n\n\n<h4 class=\"wp-block-heading\"><strong>Are you organising an upcoming event on Logic Education?<\/strong><\/h4>\n\n\n\n<p>Email <strong>commission.logic.education@gmail.com<\/strong> with the event information, and we would be happy to add your event! Thank you for your contributions \ud83d\ude42<\/p>\n<\/div>\n\n\n\n<h3 class=\"wp-block-heading\" id=\"past-events\"><strong>Past Events<\/strong><\/h3>\n\n\n\n<details class=\"wp-block-details is-layout-flow wp-block-details-is-layout-flow\" open><summary>11\/08\/2025: What aspects of student language do not comport with mathematical logic? By Paul Christian Dawkins<\/summary>\n<p><strong>Recording on YouTube:<\/strong> <a href=\"https:\/\/youtu.be\/UC8dKFBGsOk\">https:\/\/youtu.be\/UC8dKFBGsOk<\/a><\/p>\n\n\n\n<figure class=\"wp-block-image size-large\"><img loading=\"lazy\" decoding=\"async\" width=\"1024\" height=\"576\" src=\"https:\/\/resources.illc.uva.nl\/Commission-on-Logic-Education\/wp-content\/uploads\/2025\/08\/Miniatura-Logic-Education-1024x576.png\" alt=\"\" class=\"wp-image-147\" srcset=\"https:\/\/resources.illc.uva.nl\/Commission-on-Logic-Education\/wp-content\/uploads\/2025\/08\/Miniatura-Logic-Education-1024x576.png 1024w, https:\/\/resources.illc.uva.nl\/Commission-on-Logic-Education\/wp-content\/uploads\/2025\/08\/Miniatura-Logic-Education-300x169.png 300w, https:\/\/resources.illc.uva.nl\/Commission-on-Logic-Education\/wp-content\/uploads\/2025\/08\/Miniatura-Logic-Education-768x432.png 768w, https:\/\/resources.illc.uva.nl\/Commission-on-Logic-Education\/wp-content\/uploads\/2025\/08\/Miniatura-Logic-Education-1536x863.png 1536w, https:\/\/resources.illc.uva.nl\/Commission-on-Logic-Education\/wp-content\/uploads\/2025\/08\/Miniatura-Logic-Education.png 2048w\" sizes=\"auto, (max-width: 1024px) 100vw, 1024px\" \/><\/figure>\n\n\n\n<h2 class=\"wp-block-heading\">What aspects of student language use do not comport with mathematical logic?<\/h2>\n\n\n\n<p><\/p>\n\n\n\n<h4 class=\"wp-block-heading has-text-align-right\"><span style=\"text-decoration: underline;\">Speaker<\/span>: <strong>Paul Christian Dawkins<\/strong>, <br>Professor of Mathematics, <br>Texas State University<\/h4>\n\n\n\n<p class=\"has-text-align-right\" style=\"padding-right:0;padding-left:0\"><span style=\"text-decoration: underline;\">Date<\/span>: August 11, 2025<\/p>\n\n\n\n<p class=\"has-text-align-right\"><span style=\"text-decoration: underline;\">Time<\/span>:&nbsp;<strong>0800 hours (Dallas)<\/strong>&nbsp;<br>1000 (Brasilia) 1500 (Paris) <br>1830 (Bangalore) 2100 (Beijing)<\/p>\n\n\n\n<p><span style=\"text-decoration: underline;\">Abstract:<\/span><\/p>\n\n\n\n<p>Based on over a decade of experiments working to support students in reflecting on their use of mathematical language to help them reinvent some basic logical structures, I have gained some insights about university students\u2019 untrained interpretations of mathematical language. <\/p>\n\n\n\n<p>Combining these empirical findings with insights from psychology, pragmatics, and linguistics, I have come to appreciate the coherence and rationality of students\u2019 language use even when it proves incompatible with logical structure. <\/p>\n\n\n\n<p>In this talk, I will share some stories of student thinking that have given me some helpful insight into how their language use differed in important ways from mathematical language use. Hopefully, these contrasts will help instructors and researchers understand the challenges that logic instruction must overcome to support students in formalizing and systematizing their reasoning about mathematical language.<\/p>\n\n\n\n<div style=\"height:30px\" aria-hidden=\"true\" class=\"wp-block-spacer\"><\/div>\n<\/details>\n\n\n\n<details class=\"wp-block-details is-layout-flow wp-block-details-is-layout-flow\"><summary>14-16\/04\/2025: BCTCS 2025, University of Strathclyde &#8211; <strong style=\"font-weight: bold;\">Education Track <\/strong><\/summary>\n<h2 class=\"wp-block-heading\">BRITISH COLLOQUIUM FOR THEORETICAL COMPUTER SCIENCE (BCTCS) 2025 Education Track <\/h2>\n\n\n\n<h4 class=\"wp-block-heading has-text-align-right\"><strong><br>Conference<\/strong>, University of Strathclyde <\/h4>\n\n\n\n<p class=\"has-text-align-right\" style=\"padding-right:0;padding-left:0\"><span style=\"text-decoration: underline;\">Date<\/span>: April 14-16, 2025<\/p>\n\n\n\n<p><span style=\"text-decoration: underline;\">Website<\/span>: <a href=\"https:\/\/msp.cis.strath.ac.uk\/bctcs2025\/\">https:\/\/msp.cis.strath.ac.uk\/bctcs2025\/<\/a><\/p>\n\n\n\n<p><span style=\"text-decoration: underline;\">CONTRIBUTED TALKS<\/span><br>This year BCTCS will host a focused Theoretical Computer Science Education Track on Wednesday the 16th of April.<br>To propose a talk, please fill in <a href=\"https:\/\/forms.office.com\/Pages\/ResponsePage.aspx?id=YwceYzMV60elzQRXvuWUThWEZmWC2rRKkD1xIHHy_0JUNVVXNEJYN0RGVjFKSVVZQU9ZUlNJMUZKVy4u\">the submission form<\/a>.<\/p>\n\n\n\n<p>We invite 20 or 30 minutes talk proposals on teaching experiences, highlighting specific challenges and\/or innovations related to particular theoretical computer science topics or courses. This track is designed to facilitate reflection on both the breadth and depth of TCS topics offered across institutions, from introductory courses to advanced topics such as computational complexity theory, quantum computing, algorithmic game theory, model checking, programming language theory and semantics, to name a few. A central theme of this event will be exploring how TCS can continue to serve as a foundational element of computer science education, with challenges lying in keeping students engaged and demonstrating relevance considering emerging technologies like generative AI.<\/p>\n\n\n\n<p>We put no restrictions on the originality or publication status of submissions. There will be no formal proceedings, but the collection of the contributed abstracts will appear in the Bulletin of the <a href=\"https:\/\/eatcs.org\/index.php\/eatcs-bulletin\">EATCS<\/a>.<\/p>\n\n\n\n<p><span style=\"text-decoration: underline;\">REGISTRATION<\/span><br>We hope to open registrations in March 2025. The registration fees will be as follows:<\/p>\n\n\n\n<p>&#8211; Early registration (until 24 March): \u00a345<\/p>\n\n\n\n<p>* <strong>Late registration (until 7 April)<\/strong>: \u00a360<\/p>\n\n\n\n<p><br><span style=\"text-decoration: underline;\">TCS Education Track Chairs:<\/span><br>&#8211; Oana Andrei, University of Glasgow. <a href=\"https:\/\/www.gla.ac.uk\/schools\/computing\/staff\/oanaandrei\/\">https:\/\/www.gla.ac.uk\/schools\/computing\/staff\/oanaandrei\/<\/a><br>&#8211; Alasdair Lambert, University of Strathclyde. <a href=\"https:\/\/www.strath.ac.uk\/staff\/lambertalasdairmr\/\">https:\/\/www.strath.ac.uk\/staff\/lambertalasdairmr\/<\/a>,<\/p>\n\n\n\n<p><span style=\"text-decoration: underline;\">Further details<\/span> are available at <a href=\"https:\/\/msp.cis.strath.ac.uk\/bctcs2025\/\">https:\/\/msp.cis.strath.ac.uk\/bctcs2025\/<\/a> or contact directly the education track chairs.<br>This event is sponsored by SICSA, the Scottish Informatics and Computer Science Alliance<\/p>\n\n\n\n<div style=\"height:30px\" aria-hidden=\"true\" class=\"wp-block-spacer\"><\/div>\n<\/details>\n\n\n\n<details class=\"wp-block-details is-layout-flow wp-block-details-is-layout-flow\"><summary>08\/04\/2025: Webinar on <strong style=\"font-weight: bold;\">logic education <\/strong>(Tools for Teaching Logic) by Mar\u00eda Manzano<\/summary>\n<h2 class=\"wp-block-heading\">Webinar on logic education: Tools for Teaching Logic<\/h2>\n\n\n\n<h4 class=\"wp-block-heading has-text-align-right\"><strong><br><span style=\"text-decoration: underline;\">Speaker(s):<\/span> Professor Mar\u00eda Manzano<\/strong><\/h4>\n\n\n\n<p class=\"has-text-align-right\" style=\"padding-right:0;padding-left:0\"><span style=\"text-decoration: underline;\">Date:<\/span> April 8, 2025<\/p>\n\n\n\n<p class=\"has-text-align-right\"><span style=\"text-decoration: underline;\">Time:<\/span> 10:00 New York, 14:00 GMT, 16:00 Amsterdam, 19:30 Bangalore, 22:00 Beijing<\/p>\n\n\n\n<p><span style=\"text-decoration: underline;\">Abstract:<\/span><\/p>\n\n\n\n<p>I will tell you about the European ALFA project on Tools for Teaching Logic that we had last century and about the International TTL Congresses that we held in 2000, 2006, 2011, 2015, and 2023.<\/p>\n\n\n\n<p>The first goal of the ALFA project was to share our experience as teachers among Aracne members. We proposed: (1) the preparation of a metabook (with hypertext version), (2) the design of an on-line dictionary of logic terms, (3) the investigation of the existing software for the teaching of logic, (4) the translation of both elementary and interdisciplinary texts and software, (5) to help potential authors to write lecture notes, (6) the dissemination of our project both within our academic community and outside it (high school), thus bolstering a good image of Logic and (7) to support women\u2019s participation in higher education.<\/p>\n\n\n\n<p>The network we created was interdisciplinary and included professors and researchers from philosophy, mathematics, computer science, and linguistics. Some of the results of the project can be consulted on the Aracne website (<a href=\"https:\/\/aracne.usal.es\/\" data-type=\"link\" data-id=\"https:\/\/aracne.usal.es\/\">aracne.usal.es<\/a>) and others in the Summa Logicae digital library (<a href=\"http:\/\/logicae.usal.es\/mambo\/index.php?option=com_summalogicaexxi&amp;menu_task=Principal\">logicae.usal.es<\/a>)<\/p>\n\n\n\n<p><strong><span style=\"text-decoration: underline;\">Speaker Bio:&nbsp;<\/span><\/strong><\/p>\n\n\n\n<p>Mar\u00eda Gracia Manzano Arjona is a Spanish philosopher specializing in mathematical logic&nbsp;and model theory. Manzano earned her Ph.D. in 1977 from the University of Barcelona. Her dissertation, Sistemas generales de la l\u00f3gica de segundo orden [General systems of second-order logic],&nbsp;was supervised by Jes\u00fas Moster\u00edn. She is a professor of logic and the philosophy of science&nbsp;at the University of Salamanca. She is the author of several books on logic and model theory.<\/p>\n\n\n\n<p><a href=\"https:\/\/en.wikipedia.org\/wiki\/Mar%C3%ADa_Manzano\">https:\/\/en.wikipedia.org\/wiki\/Mar%C3%ADa_Manzano<\/a>&nbsp;<\/p>\n\n\n\n<p><\/p>\n\n\n\n<div style=\"height:30px\" aria-hidden=\"true\" class=\"wp-block-spacer\"><\/div>\n<\/details>\n\n\n\n<details class=\"wp-block-details is-layout-flow wp-block-details-is-layout-flow\"><summary>07\/02\/2025: Panel discussion on <strong><strong>logic teaching<\/strong><\/strong>, AWPL<\/summary>\n<h2 class=\"wp-block-heading\">Panel discussion on logic teaching<\/h2>\n\n\n\n<h4 class=\"wp-block-heading has-text-align-right\"><span style=\"text-decoration: underline;\">Panellist(s)<\/span>: Johan van Benthem, Mihir Chakraborty, and Sujata Ghosh<\/h4>\n\n\n\n<p class=\"has-text-align-right\"><em>   &nbsp; &nbsp;&nbsp;<\/em><span style=\"text-decoration: underline;\">Moderator<\/span>: R. Ramanujam<\/p>\n\n\n\n<p class=\"has-text-align-right\" style=\"padding-right:0;padding-left:0\"><span style=\"text-decoration: underline;\">Date<\/span>: February 7, 2025<\/p>\n\n\n\n<p class=\"has-text-align-right\"><span style=\"text-decoration: underline;\">Time<\/span>: 14:30-15:30<\/p>\n\n\n\n<p>This panel discussion will take place during <strong>AWPL<\/strong> (Asian Workshop on Philosophical Logic), Feb 6-8, 2025,<br>Jadavpur University, Kolkata, India<\/p>\n\n\n\n<div style=\"height:30px\" aria-hidden=\"true\" class=\"wp-block-spacer\"><\/div>\n<\/details>\n\n\n\n<details class=\"wp-block-details is-layout-flow wp-block-details-is-layout-flow\"><summary>05\/02\/2025: Panel discussion on <strong>careers and education in logic<\/strong>, ICLA 2025<\/summary>\n<h2 class=\"wp-block-heading\">Panel discussion on careers and education in logic<\/h2>\n\n\n\n<h4 class=\"wp-block-heading has-text-align-right\"><strong><br><span style=\"text-decoration: underline;\">Speaker(s):<\/span> Janos Makowsky, Anil Nerode, R Ramanujam, Shashi Srivastava, R Venkatesh<\/strong><\/h4>\n\n\n\n<p class=\"has-text-align-right\" style=\"padding-right:0;padding-left:0\"><span style=\"text-decoration: underline;\">Date:<\/span> February 5, 2025<\/p>\n\n\n\n<p class=\"has-text-align-right\"><span style=\"text-decoration: underline;\">Time:<\/span> 16-17:30<\/p>\n\n\n\n<p>This panel discussion will take place during <strong>ICLA<\/strong> (Indian Conference on Logic and Applications), Feb 3-5, 2025,<br>Indian&nbsp;statistical institute, Kolkata, India<\/p>\n\n\n\n<div style=\"height:30px\" aria-hidden=\"true\" class=\"wp-block-spacer\"><\/div>\n<\/details>\n\n\n\n<details class=\"wp-block-details is-style-default is-layout-flow wp-block-details-is-layout-flow\"><summary>14\/01\/2025: Webinar on <strong>Machine Learning and Logic: Fast and Slow Thinking<\/strong> by Professor Moshe Vardi<\/summary>\n<h2 class=\"wp-block-heading\">Webinar: Professor Moshe Y. Vardi,&nbsp;Rice University<\/h2>\n\n\n\n<h4 class=\"wp-block-heading has-text-align-right\"><strong>Machine Learning and Logic: Fast and Slow Thinking<\/strong><\/h4>\n\n\n\n<p class=\"has-text-align-right\" style=\"padding-right:0;padding-left:0\">Date: January 14, 2025<\/p>\n\n\n\n<p class=\"has-text-align-right\">Time: 0700 CST, 1300 GMT, 1400 CET, 1830 IST, 2100 (Beijing)<\/p>\n\n\n\n<p>Computer science seems to be undergoing a paradigm shift. Much of earlier research was conducted in the framework of well-understood formal models. In contrast, some of the hottest trends today shun formal models and rely on massive data sets and machine learning. A canonical example of this change is the shift in AI from logic programming to deep learning. <\/p>\n\n\n\n<p>I will argue that the correct metaphor for this development is not paradigm shift, but paradigm expansion. Just as General Relativity augments Newtonian Mechanics, rather than replace it&#8211;we went to the moon, after all, using Newtonian Mechanics&#8211;data-driven computing augments model-driven computing. In the context of Artificial Intelligence, machine learning and logic correspond to the two modes of human thinking: fast thinking and slow thinking. The challenge today is to integrate the model-driven and data-driven paradigms. I will describe one approach to such an integration &#8212; making logic more quantitative. <\/p>\n\n\n\n<p>I will conclude by discussing implications for computer-science education.<\/p>\n\n\n\n<div style=\"height:30px\" aria-hidden=\"true\" class=\"wp-block-spacer\"><\/div>\n<\/details>\n\n\n\n<details class=\"wp-block-details is-layout-flow wp-block-details-is-layout-flow\"><summary>10&amp;13\/07\/2024: International group discussion on <strong>logic and computing education<\/strong>, ICME-15 2024<\/summary>\n<h2 class=\"wp-block-heading\">International group discussion on logic and computing education<\/h2>\n\n\n\n<h4 class=\"wp-block-heading has-text-align-right\"><strong>Speakers: Viviane Durand-Guerrier, Kyeyong Hah-Roh, R Ramanujam and Sebastian Sequoia-Grayson<\/strong><\/h4>\n\n\n\n<p class=\"has-text-align-right\">Date: July 10 and 13, 2024<\/p>\n\n\n\n<p class=\"has-text-align-left\">Group discussion took place during ICME-15 (the 15th International Congress on Mathematics Education), July 7-14, 2024,&nbsp;Sydney, Australia<\/p>\n<\/details>\n\n\n\n<p><\/p>\n","protected":false},"excerpt":{"rendered":"<p>Upcoming Events Watch past events in the Commission&#8217;s YouTube Channel https:\/\/www.youtube.com\/@LogicEducationCommission Subscribe to the Logic Education mailing list! By following this link: https:\/\/list.uva.nl\/postorius\/lists\/logic-and-education.list.uva.nl Are you organising an upcoming event on Logic Education? Email commission.logic.education@gmail.com with the event information, and we would be happy to add your event! Thank you for your contributions \ud83d\ude42 Past Events<\/p>\n","protected":false},"author":3,"featured_media":0,"parent":0,"menu_order":0,"comment_status":"closed","ping_status":"closed","template":"","meta":{"footnotes":""},"class_list":["post-23","page","type-page","status-publish","hentry"],"_links":{"self":[{"href":"https:\/\/resources.illc.uva.nl\/Commission-on-Logic-Education\/wp-json\/wp\/v2\/pages\/23","targetHints":{"allow":["GET"]}}],"collection":[{"href":"https:\/\/resources.illc.uva.nl\/Commission-on-Logic-Education\/wp-json\/wp\/v2\/pages"}],"about":[{"href":"https:\/\/resources.illc.uva.nl\/Commission-on-Logic-Education\/wp-json\/wp\/v2\/types\/page"}],"author":[{"embeddable":true,"href":"https:\/\/resources.illc.uva.nl\/Commission-on-Logic-Education\/wp-json\/wp\/v2\/users\/3"}],"replies":[{"embeddable":true,"href":"https:\/\/resources.illc.uva.nl\/Commission-on-Logic-Education\/wp-json\/wp\/v2\/comments?post=23"}],"version-history":[{"count":51,"href":"https:\/\/resources.illc.uva.nl\/Commission-on-Logic-Education\/wp-json\/wp\/v2\/pages\/23\/revisions"}],"predecessor-version":[{"id":202,"href":"https:\/\/resources.illc.uva.nl\/Commission-on-Logic-Education\/wp-json\/wp\/v2\/pages\/23\/revisions\/202"}],"wp:attachment":[{"href":"https:\/\/resources.illc.uva.nl\/Commission-on-Logic-Education\/wp-json\/wp\/v2\/media?parent=23"}],"curies":[{"name":"wp","href":"https:\/\/api.w.org\/{rel}","templated":true}]}}